{"id":345,"date":"2021-09-14T14:30:16","date_gmt":"2021-09-14T14:30:16","guid":{"rendered":"https:\/\/grottomorchino.ch\/?page_id=345"},"modified":"2021-09-15T13:40:12","modified_gmt":"2021-09-15T13:40:12","slug":"storia","status":"publish","type":"page","link":"https:\/\/grottomorchino.ch\/index.php\/storia\/","title":{"rendered":"Storia"},"content":{"rendered":"<div data-colibri-id=\"345-c1\" class=\"style-504 style-local-345-c1 position-relative\">\n  <!---->\n  <div data-colibri-component=\"section\" data-colibri-id=\"345-c2\" id=\"about\" class=\"h-section h-section-global-spacing d-flex align-items-lg-center align-items-md-center align-items-center style-514 style-local-345-c2 position-relative\">\n    <!---->\n    <!---->\n    <div class=\"h-section-grid-container h-section-boxed-container\">\n      <!---->\n      <div data-colibri-id=\"345-c3\" class=\"h-row-container gutters-row-lg-2 gutters-row-md-2 gutters-row-2 gutters-row-v-lg-2 gutters-row-v-md-2 gutters-row-v-2 style-515 style-local-345-c3 position-relative\">\n        <!---->\n        <div class=\"h-row justify-content-lg-center justify-content-md-center justify-content-center align-items-lg-stretch align-items-md-stretch align-items-stretch gutters-col-lg-2 gutters-col-md-2 gutters-col-2 gutters-col-v-lg-2 gutters-col-v-md-2 gutters-col-v-2\">\n          <!---->\n          <div class=\"h-column h-column-container d-flex h-col-lg-auto h-col-md-auto h-col-auto style-516-outer style-local-345-c4-outer\">\n            <div data-colibri-id=\"345-c4\" class=\"d-flex h-flex-basis h-column__inner h-px-lg-2 h-px-md-2 h-px-2 v-inner-lg-2 v-inner-md-2 v-inner-2 style-516 style-local-345-c4 position-relative\">\n              <!---->\n              <!---->\n              <div class=\"w-100 h-y-container h-column__content h-column__v-align flex-basis-100 align-self-lg-start align-self-md-start align-self-start\">\n                <!---->\n                <div data-colibri-id=\"345-c5\" class=\"h-global-transition-all h-heading style-518 style-local-345-c5 position-relative h-element\">\n                  <!---->\n                  <div class=\"h-heading__outer style-518 style-local-345-c5\">\n                    <!---->\n                    <!---->\n                    <h2 class=\"\">Origine del nome &#8220;Morchino&#8221;<\/h2>\n                  <\/div>\n                <\/div>\n                <div data-colibri-id=\"345-c6\" class=\"h-text h-text-component style-519 style-local-345-c6 position-relative h-element\">\n                  <!---->\n                  <!---->\n                  <div class=\"\">\n                    <p><span style=\"color: rgb(51, 51, 51); font-family: &quot;Open Sans&quot;, sans-serif;\">Se &#8220;m\u00fcrch\u00ec&#8221; nel gergo dei magnani significa &#8220;mangiare (nel &#8220;r\u00fcgin&#8221; di Valcolla),&nbsp;l&#8217;origine&nbsp;del toponimo che ha dato il nome al grotto dovrebbe risalire al latino volgare &#8220;(a)murc\u00f9la&#8221; &#8220;amurca&#8221; a sua volta dall&#8217;etrusco.<\/span><\/p>\n                    <p><span style=\"color: rgb(51, 51, 51); font-family: &quot;Open Sans&quot;, sans-serif;\">Il poggio solivo di Pazzallo doveva produrre un &#8220;OLI MORCHIN&#8221; cio\u00e8 con notevole percentuale di residuati (la m\u00f2rchia). La &#8220;fescia s&#8217;intende dall&#8217;olio d&#8217;oliva, la cui utilizzazione \u00e8 attestata nella regione del Ceresio almeno fino al medioevo.<\/span><\/p>\n                    <p><span style=\"color: rgb(51, 51, 51); font-family: &quot;Open Sans&quot;, sans-serif;\">(Ricerca effettuata dal prof. Gabriele Quadri di Cagiallo)<\/span><\/p>\n                    <p>\n                      <br>\n                    <\/p>\n                    <p>\n                      <br>\n                    <\/p>\n                  <\/div>\n                <\/div>\n              <\/div>\n            <\/div>\n          <\/div>\n          <div class=\"h-column h-column-container d-flex h-col-lg-auto h-col-md-auto h-col-auto style-522-outer style-local-345-c7-outer\">\n            <div data-colibri-id=\"345-c7\" class=\"d-flex h-flex-basis h-column__inner h-px-lg-2 h-px-md-2 h-px-2 v-inner-lg-2 v-inner-md-2 v-inner-2 style-522 style-local-345-c7 position-relative\">\n              <!---->\n              <!---->\n              <div class=\"w-100 h-y-container h-column__content h-column__v-align flex-basis-100 align-self-lg-center align-self-md-center align-self-center\">\n                <!---->\n                <div data-colibri-id=\"345-c8\" class=\"d-block style-523 style-local-345-c8 position-relative h-element\">\n                  <!---->\n                  <div class=\"h-image__frame-container-outer\">\n                    <div class=\"h-image__frame-container\">\n                      <!---->\n                      <!---->\n                      <img loading=\"lazy\" decoding=\"async\" width=\"417\" height=\"300\" src=\"https:\/\/grottomorchino.ch\/wp-content\/uploads\/2021\/09\/cropped-10982390_10153176902697502_1712143456706578783_n.jpg\" class=\"wp-image-386 style-523-image style-local-345-c8-image\" alt=\"\" srcset=\"https:\/\/grottomorchino.ch\/wp-content\/uploads\/2021\/09\/cropped-10982390_10153176902697502_1712143456706578783_n.jpg 417w, https:\/\/grottomorchino.ch\/wp-content\/uploads\/2021\/09\/cropped-10982390_10153176902697502_1712143456706578783_n-300x216.jpg 300w\" sizes=\"auto, (max-width: 417px) 100vw, 417px\" \/>\n                      <div class=\"h-image__frame h-hide-sm style-523-frameImage style-local-345-c8-frameImage\"><\/div>\n                    <\/div>\n                  <\/div>\n                <\/div>\n              <\/div>\n            <\/div>\n          <\/div>\n        <\/div>\n      <\/div>\n    <\/div>\n  <\/div>\n  <div data-colibri-component=\"section\" data-colibri-id=\"345-c9\" id=\"about-2\" class=\"h-section h-section-global-spacing d-flex align-items-lg-center align-items-md-center align-items-center style-524 style-local-345-c9 position-relative\">\n    <!---->\n    <!---->\n    <div class=\"h-section-grid-container h-section-boxed-container\">\n      <!---->\n      <div data-colibri-id=\"345-c10\" class=\"h-row-container gutters-row-lg-2 gutters-row-md-2 gutters-row-2 gutters-row-v-lg-2 gutters-row-v-md-2 gutters-row-v-2 style-525 style-local-345-c10 position-relative\">\n        <!---->\n        <div class=\"h-row justify-content-lg-center justify-content-md-center justify-content-center align-items-lg-stretch align-items-md-stretch align-items-stretch gutters-col-lg-2 gutters-col-md-2 gutters-col-2 gutters-col-v-lg-2 gutters-col-v-md-2 gutters-col-v-2\">\n          <!---->\n          <div class=\"h-column h-column-container d-flex h-col-lg-auto h-col-md-auto h-col-auto style-532-outer style-local-345-c11-outer\">\n            <div data-colibri-id=\"345-c11\" class=\"d-flex h-flex-basis h-column__inner h-px-lg-2 h-px-md-2 h-px-2 v-inner-lg-2 v-inner-md-2 v-inner-2 style-532 style-local-345-c11 position-relative\">\n              <!---->\n              <!---->\n              <div class=\"w-100 h-y-container h-column__content h-column__v-align flex-basis-100 align-self-lg-center align-self-md-center align-self-center\">\n                <!---->\n                <div data-colibri-id=\"345-c12\" class=\"d-block style-533 style-local-345-c12 position-relative h-element\">\n                  <!---->\n                  <div class=\"h-image__frame-container-outer\">\n                    <div class=\"h-image__frame-container\">\n                      <!---->\n                      <!---->\n                      <img loading=\"lazy\" decoding=\"async\" width=\"605\" height=\"831\" src=\"https:\/\/grottomorchino.ch\/wp-content\/uploads\/2021\/09\/grotto-morchino-nel-1955.jpg\" class=\"wp-image-384 style-533-image style-local-345-c12-image\" alt=\"\" srcset=\"https:\/\/grottomorchino.ch\/wp-content\/uploads\/2021\/09\/grotto-morchino-nel-1955.jpg 605w, https:\/\/grottomorchino.ch\/wp-content\/uploads\/2021\/09\/grotto-morchino-nel-1955-218x300.jpg 218w\" sizes=\"auto, (max-width: 605px) 100vw, 605px\" \/>\n                      <div class=\"h-image__frame h-hide-sm style-533-frameImage style-local-345-c12-frameImage\"><\/div>\n                    <\/div>\n                    <div class=\"style-533-caption style-local-345-c12-caption\">\n                      Il Grotto Morchino nel 1955\n                    <\/div>\n                  <\/div>\n                <\/div>\n              <\/div>\n            <\/div>\n          <\/div>\n          <div class=\"h-column h-column-container d-flex h-col-lg-auto h-col-md-auto h-col-auto style-526-outer style-local-345-c13-outer\">\n            <div data-colibri-id=\"345-c13\" class=\"d-flex h-flex-basis h-column__inner h-px-lg-2 h-px-md-2 h-px-2 v-inner-lg-2 v-inner-md-2 v-inner-2 style-526 style-local-345-c13 position-relative\">\n              <!---->\n              <!---->\n              <div class=\"w-100 h-y-container h-column__content h-column__v-align flex-basis-100 align-self-lg-start align-self-md-start align-self-start\">\n                <!---->\n                <div data-colibri-id=\"345-c14\" class=\"h-global-transition-all h-heading style-528 style-local-345-c14 position-relative h-element\">\n                  <!---->\n                  <div class=\"h-heading__outer style-528 style-local-345-c14\">\n                    <!---->\n                    <!---->\n                    <h2 class=\"\">Gli Olgiati e il Morchino<\/h2>\n                  <\/div>\n                <\/div>\n                <div data-colibri-id=\"345-c15\" class=\"h-text h-text-component style-529 style-local-345-c15 position-relative h-element\">\n                  <!---->\n                  <!---->\n                  <div class=\"\">\n                    <p><span style=\"color: rgb(51, 51, 51); font-family: &quot;Open Sans&quot;, sans-serif;\">La famiglia Olgiati, sin dal 1842, si occup\u00f2 del Grotto Morchino, allora di propriet\u00e0 della famiglia Antonietti.Ultimi gerenti della famiglia Olgiati furono Carlo (1876-2.11-1963-26.3) con la sorella Maria (loro fratelli: Sandro,Luigi,Francesco).Di questo rinomato grotto erano molto apprezzati, anche fuori Comune, i salumi della &#8220;mazza&#8221; preparata dagli Olgiati.La definitiva chiusura del Grotto Morchino, gia non pi\u00f9 in attivit\u00e0 da qualche tempo, ebbe luogo nel 1985 con la morte di Francesco Pelli, nipote degli Olgiati, che per diversi anni si occup\u00f2 del grotto.Dopo quindici anni ecco che Pierluigi Olgiati riapre il Grotto Morchino, ridando nuova vita a questo locale che fa parte della storia genuina e popolare della gente ticinese e in particolare del luganese.<\/span><\/p>\n                  <\/div>\n                <\/div>\n              <\/div>\n            <\/div>\n          <\/div>\n        <\/div>\n      <\/div>\n    <\/div>\n  <\/div>\n  <div data-colibri-component=\"section\" data-colibri-id=\"345-c16\" id=\"about-3\" class=\"h-section h-section-global-spacing d-flex align-items-lg-center align-items-md-center align-items-center style-534 style-local-345-c16 position-relative\">\n    <!---->\n    <!---->\n    <div class=\"h-section-grid-container h-section-boxed-container\">\n      <!---->\n      <div data-colibri-id=\"345-c17\" class=\"h-row-container gutters-row-lg-2 gutters-row-md-2 gutters-row-2 gutters-row-v-lg-2 gutters-row-v-md-2 gutters-row-v-2 style-535 style-local-345-c17 position-relative\">\n        <!---->\n        <div class=\"h-row justify-content-lg-center justify-content-md-center justify-content-center align-items-lg-stretch align-items-md-stretch align-items-stretch gutters-col-lg-2 gutters-col-md-2 gutters-col-2 gutters-col-v-lg-2 gutters-col-v-md-2 gutters-col-v-2\">\n          <!---->\n          <div class=\"h-column h-column-container d-flex h-col-lg-auto h-col-md-auto h-col-auto style-536-outer style-local-345-c18-outer\">\n            <div data-colibri-id=\"345-c18\" class=\"d-flex h-flex-basis h-column__inner h-px-lg-2 h-px-md-2 h-px-2 v-inner-lg-2 v-inner-md-2 v-inner-2 style-536 style-local-345-c18 position-relative\">\n              <!---->\n              <!---->\n              <div class=\"w-100 h-y-container h-column__content h-column__v-align flex-basis-100 align-self-lg-start align-self-md-start align-self-start\">\n                <!---->\n                <div data-colibri-id=\"345-c19\" class=\"h-global-transition-all h-heading style-538 style-local-345-c19 position-relative h-element\">\n                  <!---->\n                  <div class=\"h-heading__outer style-538 style-local-345-c19\">\n                    <!---->\n                    <!---->\n                    <h2 class=\"\">Ristrutturazione e ritorno alle origini<\/h2>\n                  <\/div>\n                <\/div>\n                <div data-colibri-id=\"345-c20\" class=\"h-text h-text-component style-539 style-local-345-c20 position-relative h-element\">\n                  <!---->\n                  <!---->\n                  <div class=\"\">\n                    <p><span style=\"font-weight: 300; font-family: &quot;Open Sans&quot;, sans-serif; color: rgb(51, 51, 51); font-size: 16px;\">Il 1 gennaio 2020, con la vendita del grotto e del terreno circostatnte da parte di Pierluigi Olgiati alla Fondazione Leo e Maria Crepaz Antonietti, fondata dopo la morte di Leo Crepaz, il Grotto Morchino torna alle sue origini.<\/span><\/p>\n                  <\/div>\n                <\/div>\n              <\/div>\n            <\/div>\n          <\/div>\n          <div class=\"h-column h-column-container d-flex h-col-lg-auto h-col-md-auto h-col-auto style-542-outer style-local-345-c21-outer\">\n            <div data-colibri-id=\"345-c21\" class=\"d-flex h-flex-basis h-column__inner h-px-lg-2 h-px-md-2 h-px-2 v-inner-lg-2 v-inner-md-2 v-inner-2 style-542 style-local-345-c21 position-relative\">\n              <!---->\n              <!---->\n              <div class=\"w-100 h-y-container h-column__content h-column__v-align flex-basis-100 align-self-lg-center align-self-md-center align-self-center\">\n                <!---->\n                <div data-colibri-id=\"345-c22\" class=\"d-block style-543 style-local-345-c22 position-relative h-element\">\n                  <!---->\n                  <div class=\"h-image__frame-container-outer\">\n                    <div class=\"h-image__frame-container\">\n                      <!---->\n                      <!---->\n                      <img loading=\"lazy\" decoding=\"async\" width=\"960\" height=\"960\" src=\"https:\/\/grottomorchino.ch\/wp-content\/uploads\/2021\/09\/214532306_10160637516217502_4140921714519650166_n.jpg\" class=\"wp-image-387 style-543-image style-local-345-c22-image\" alt=\"\" srcset=\"https:\/\/grottomorchino.ch\/wp-content\/uploads\/2021\/09\/214532306_10160637516217502_4140921714519650166_n.jpg 960w, https:\/\/grottomorchino.ch\/wp-content\/uploads\/2021\/09\/214532306_10160637516217502_4140921714519650166_n-300x300.jpg 300w, https:\/\/grottomorchino.ch\/wp-content\/uploads\/2021\/09\/214532306_10160637516217502_4140921714519650166_n-150x150.jpg 150w, https:\/\/grottomorchino.ch\/wp-content\/uploads\/2021\/09\/214532306_10160637516217502_4140921714519650166_n-768x768.jpg 768w\" sizes=\"auto, (max-width: 960px) 100vw, 960px\" \/>\n                      <div class=\"h-image__frame h-hide-sm style-543-frameImage style-local-345-c22-frameImage\"><\/div>\n                    <\/div>\n                    <div class=\"style-543-caption style-local-345-c22-caption\">\n                      Facciata del Grotto restaurata\n                    <\/div>\n                  <\/div>\n                <\/div>\n              <\/div>\n            <\/div>\n          <\/div>\n        <\/div>\n      <\/div>\n    <\/div>\n  <\/div>\n<\/div>","protected":false},"excerpt":{"rendered":"<p>Origine del nome &#8220;Morchino&#8221; Se &#8220;m\u00fcrch\u00ec&#8221; nel gergo dei magnani significa &#8220;mangiare (nel &#8220;r\u00fcgin&#8221; di Valcolla),&nbsp;l&#8217;origine&nbsp;del toponimo che ha dato il nome al grotto dovrebbe risalire al latino volgare &#8220;(a)murc\u00f9la&#8221; &#8220;amurca&#8221; a sua volta dall&#8217;etrusco. Il poggio solivo di Pazzallo doveva produrre un &#8220;OLI MORCHIN&#8221; cio\u00e8 con notevole percentuale di residuati (la m\u00f2rchia). La &#8220;fescia [&hellip;]<\/p>\n","protected":false},"author":1,"featured_media":0,"parent":0,"menu_order":0,"comment_status":"closed","ping_status":"closed","template":"page-templates\/full-width-page.php","meta":{"footnotes":""},"class_list":["post-345","page","type-page","status-publish","hentry"],"_links":{"self":[{"href":"https:\/\/grottomorchino.ch\/index.php\/wp-json\/wp\/v2\/pages\/345","targetHints":{"allow":["GET"]}}],"collection":[{"href":"https:\/\/grottomorchino.ch\/index.php\/wp-json\/wp\/v2\/pages"}],"about":[{"href":"https:\/\/grottomorchino.ch\/index.php\/wp-json\/wp\/v2\/types\/page"}],"author":[{"embeddable":true,"href":"https:\/\/grottomorchino.ch\/index.php\/wp-json\/wp\/v2\/users\/1"}],"replies":[{"embeddable":true,"href":"https:\/\/grottomorchino.ch\/index.php\/wp-json\/wp\/v2\/comments?post=345"}],"version-history":[{"count":6,"href":"https:\/\/grottomorchino.ch\/index.php\/wp-json\/wp\/v2\/pages\/345\/revisions"}],"predecessor-version":[{"id":443,"href":"https:\/\/grottomorchino.ch\/index.php\/wp-json\/wp\/v2\/pages\/345\/revisions\/443"}],"wp:attachment":[{"href":"https:\/\/grottomorchino.ch\/index.php\/wp-json\/wp\/v2\/media?parent=345"}],"curies":[{"name":"wp","href":"https:\/\/api.w.org\/{rel}","templated":true}]}}